{"id":1264,"date":"2020-07-28T13:14:43","date_gmt":"2020-07-28T11:14:43","guid":{"rendered":"http:\/\/iconart.jklanten.nl\/product\/300-sl-front\/"},"modified":"2026-01-31T14:23:20","modified_gmt":"2026-01-31T13:23:20","slug":"300-sl-front","status":"publish","type":"product","link":"https:\/\/icon-art.nl\/de\/product\/300-sl-front\/","title":{"rendered":"Mercedes 300SL FRONT"},"content":{"rendered":"<h3 style=\"text-align: center;\">Produktspezifikationen<\/h3>\n<p>\u00ad<strong>Aluminium-Dibond:<\/strong><\/p>\n<p>Das Kunstwerk wird in hervorragender Druckqualit\u00e4t auf Aluminium-Dibond hergestellt, so dass dieser sch\u00f6ne Blickfang wirklich zum Leben erwacht! Auf der R\u00fcckseite ist das Kunstwerk mit einem starken 1,5 cm dicken Aluminium-Aufh\u00e4ngeprofil versehen. Dadurch erh\u00e4lt das Kunstwerk einen schwebenden Effekt. Da das Profil 5 cm vom Rand entfernt geklebt ist, ist es von der Seite nicht sichtbar. Das hintere Profil sorgt au\u00dferdem f\u00fcr zus\u00e4tzliche Stabilit\u00e4t und verhindert, dass sich die Platte verzieht.<strong>Plexiglas 5mm:<\/strong><\/p>\n<p>Das Foto wird auf Fuji-Fotopapier gedruckt und anschlie\u00dfend mit 5 mm hochgl\u00e4nzendem Plexiglas veredelt. Durch das Plexiglas werden die Farben um ein Vielfaches intensiver, was dem Bild eine sch\u00f6ne Tiefenwirkung verleiht. Die 5 mm dicke Plexiglasplatte mit dem Foto ist mit einer undurchsichtigen Folie 100% \u00fcberzogen. Zum Abschluss wird das Plexiglas rundum poliert und auf der R\u00fcckseite mit einem starken 1,5 cm dicken Aluminiumprofil versehen. Dadurch erh\u00e4lt Ihr Kunstwerk einen schwebenden Effekt. Da das Profil 5 cm vom Rand entfernt geklebt ist, ist es von der Seite nicht sichtbar. Das r\u00fcckseitige Profil sorgt au\u00dferdem f\u00fcr zus\u00e4tzliche Stabilit\u00e4t und verhindert, dass sich die Platte verzieht.<\/p>","protected":false},"excerpt":{"rendered":"<p><span style=\"font-size: 10pt;\">WANDDEKORATION \u2013 KUNSTWERK \u2013 GEM\u00c4LDE \u2013 WANDSCHMUCK \u2013 KUNSTWERK \u2013 DIBOND \u2013 PLEXIGLAS<\/span><br \/>\n<strong>Dieses Kunstwerk wird speziell auf Bestellung angefertigt. Die Lieferzeit hierf\u00fcr betr\u00e4gt ca. 1 Woche.<\/strong><\/p>","protected":false},"featured_media":211,"comment_status":"closed","ping_status":"closed","template":"","meta":{"_acf_changed":false,"_glsr_average":0,"_glsr_ranking":0,"_glsr_reviews":0},"product_brand":[],"product_cat":[69,85,33,35],"product_tag":[],"class_list":{"0":"post-1264","1":"product","2":"type-product","3":"status-publish","4":"has-post-thumbnail","6":"product_cat-auto-s","7":"product_cat-ia-rechthoek","8":"product_cat-iconic-art","9":"product_cat-specials","10":"product_shipping_class-plexiglasblokken","11":"tm-has-options","13":"first","14":"instock","15":"sale","16":"sold-individually","17":"taxable","18":"shipping-taxable","19":"purchasable","20":"product-type-simple"},"acf":[],"etheme_brands":{"errors":{"invalid_taxonomy":["Die Taxonomie ist ung\u00fcltig."]},"error_data":[]},"yoast_head":"<!-- This site is optimized with the Yoast SEO plugin v27.5 - https:\/\/yoast.com\/product\/yoast-seo-wordpress\/ -->\n<title>Mercedes 300 SL front - Wanddecoratie<\/title>\n<meta name=\"description\" content=\"Mercedes 300 SL front. Bestel luxe wanddecoratie in diverse formaten en verschillende materialen bij Icon Art. Bekijk de volledige collectie op onze website.\" \/>\n<meta name=\"robots\" content=\"index, follow, max-snippet:-1, max-image-preview:large, max-video-preview:-1\" \/>\n<link rel=\"canonical\" href=\"https:\/\/icon-art.nl\/de\/produkt\/300-sl-front\/\" \/>\n<meta property=\"og:locale\" content=\"de_DE\" \/>\n<meta property=\"og:type\" content=\"article\" \/>\n<meta property=\"og:title\" content=\"Mercedes 300 SL front - Wanddecoratie\" \/>\n<meta property=\"og:description\" content=\"Mercedes 300 SL front. Bestel luxe wanddecoratie in diverse formaten en verschillende materialen bij Icon Art. Bekijk de volledige collectie op onze website.\" \/>\n<meta property=\"og:url\" content=\"https:\/\/icon-art.nl\/de\/produkt\/300-sl-front\/\" \/>\n<meta property=\"og:site_name\" content=\"Icon Art\" \/>\n<meta property=\"article:publisher\" content=\"https:\/\/www.facebook.com\/iconartcompany\/\" \/>\n<meta property=\"article:modified_time\" content=\"2026-01-31T13:23:20+00:00\" \/>\n<meta property=\"og:image\" content=\"https:\/\/icon-art.nl\/wp-content\/uploads\/2020\/07\/mercedes-1568085_klein-1.jpg\" \/>\n\t<meta property=\"og:image:width\" content=\"1058\" \/>\n\t<meta property=\"og:image:height\" content=\"665\" \/>\n\t<meta property=\"og:image:type\" content=\"image\/jpeg\" \/>\n<meta name=\"twitter:card\" content=\"summary_large_image\" \/>\n<script type=\"application\/ld+json\" class=\"yoast-schema-graph\">{\"@context\":\"https:\\\/\\\/schema.org\",\"@graph\":[{\"@type\":\"WebPage\",\"@id\":\"https:\\\/\\\/icon-art.nl\\\/product\\\/300-sl-front\\\/\",\"url\":\"https:\\\/\\\/icon-art.nl\\\/product\\\/300-sl-front\\\/\",\"name\":\"Mercedes 300 SL front - Wanddecoratie\",\"isPartOf\":{\"@id\":\"https:\\\/\\\/icon-art.nl\\\/#website\"},\"primaryImageOfPage\":{\"@id\":\"https:\\\/\\\/icon-art.nl\\\/product\\\/300-sl-front\\\/#primaryimage\"},\"image\":{\"@id\":\"https:\\\/\\\/icon-art.nl\\\/product\\\/300-sl-front\\\/#primaryimage\"},\"thumbnailUrl\":\"https:\\\/\\\/icon-art.nl\\\/wp-content\\\/uploads\\\/2020\\\/07\\\/mercedes-1568085_klein-1.jpg\",\"datePublished\":\"2020-07-28T11:14:43+00:00\",\"dateModified\":\"2026-01-31T13:23:20+00:00\",\"description\":\"Mercedes 300 SL front. Bestel luxe wanddecoratie in diverse formaten en verschillende materialen bij Icon Art. Bekijk de volledige collectie op onze website.\",\"breadcrumb\":{\"@id\":\"https:\\\/\\\/icon-art.nl\\\/product\\\/300-sl-front\\\/#breadcrumb\"},\"inLanguage\":\"de\",\"potentialAction\":[{\"@type\":\"ReadAction\",\"target\":[\"https:\\\/\\\/icon-art.nl\\\/product\\\/300-sl-front\\\/\"]}]},{\"@type\":\"ImageObject\",\"inLanguage\":\"de\",\"@id\":\"https:\\\/\\\/icon-art.nl\\\/product\\\/300-sl-front\\\/#primaryimage\",\"url\":\"https:\\\/\\\/icon-art.nl\\\/wp-content\\\/uploads\\\/2020\\\/07\\\/mercedes-1568085_klein-1.jpg\",\"contentUrl\":\"https:\\\/\\\/icon-art.nl\\\/wp-content\\\/uploads\\\/2020\\\/07\\\/mercedes-1568085_klein-1.jpg\",\"width\":1058,\"height\":665},{\"@type\":\"BreadcrumbList\",\"@id\":\"https:\\\/\\\/icon-art.nl\\\/product\\\/300-sl-front\\\/#breadcrumb\",\"itemListElement\":[{\"@type\":\"ListItem\",\"position\":1,\"name\":\"Home\",\"item\":\"https:\\\/\\\/icon-art.nl\\\/\"},{\"@type\":\"ListItem\",\"position\":2,\"name\":\"Collecties\",\"item\":\"https:\\\/\\\/icon-art.nl\\\/collecties\\\/\"},{\"@type\":\"ListItem\",\"position\":3,\"name\":\"Mercedes 300SL FRONT\"}]},{\"@type\":\"WebSite\",\"@id\":\"https:\\\/\\\/icon-art.nl\\\/#website\",\"url\":\"https:\\\/\\\/icon-art.nl\\\/\",\"name\":\"Icon Art\",\"description\":\"\",\"publisher\":{\"@id\":\"https:\\\/\\\/icon-art.nl\\\/#organization\"},\"potentialAction\":[{\"@type\":\"SearchAction\",\"target\":{\"@type\":\"EntryPoint\",\"urlTemplate\":\"https:\\\/\\\/icon-art.nl\\\/?s={search_term_string}\"},\"query-input\":{\"@type\":\"PropertyValueSpecification\",\"valueRequired\":true,\"valueName\":\"search_term_string\"}}],\"inLanguage\":\"de\"},{\"@type\":\"Organization\",\"@id\":\"https:\\\/\\\/icon-art.nl\\\/#organization\",\"name\":\"Icon Art\",\"url\":\"https:\\\/\\\/icon-art.nl\\\/\",\"logo\":{\"@type\":\"ImageObject\",\"inLanguage\":\"de\",\"@id\":\"https:\\\/\\\/icon-art.nl\\\/#\\\/schema\\\/logo\\\/image\\\/\",\"url\":\"https:\\\/\\\/icon-art.nl\\\/wp-content\\\/uploads\\\/2024\\\/08\\\/icon-art-3.png.pagespeed.ce_.t2dzOLyE20.png\",\"contentUrl\":\"https:\\\/\\\/icon-art.nl\\\/wp-content\\\/uploads\\\/2024\\\/08\\\/icon-art-3.png.pagespeed.ce_.t2dzOLyE20.png\",\"width\":300,\"height\":56,\"caption\":\"Icon Art\"},\"image\":{\"@id\":\"https:\\\/\\\/icon-art.nl\\\/#\\\/schema\\\/logo\\\/image\\\/\"},\"sameAs\":[\"https:\\\/\\\/www.facebook.com\\\/iconartcompany\\\/\",\"https:\\\/\\\/www.instagram.com\\\/iconartcompany\\\/\"]}]}<\/script>\n<!-- \/ Yoast SEO plugin. -->","yoast_head_json":{"title":"Mercedes 300 SL Front - Wanddekoration","description":"Mercedes 300 SL Front. Bestellen Sie luxuri\u00f6se Wanddekoration in verschiedenen Gr\u00f6\u00dfen und aus unterschiedlichen Materialien bei Icon Art. Sehen Sie sich die gesamte Kollektion auf unserer Website an.","robots":{"index":"index","follow":"follow","max-snippet":"max-snippet:-1","max-image-preview":"max-image-preview:large","max-video-preview":"max-video-preview:-1"},"canonical":"https:\/\/icon-art.nl\/de\/produkt\/300-sl-front\/","og_locale":"de_DE","og_type":"article","og_title":"Mercedes 300 SL front - Wanddecoratie","og_description":"Mercedes 300 SL front. Bestel luxe wanddecoratie in diverse formaten en verschillende materialen bij Icon Art. Bekijk de volledige collectie op onze website.","og_url":"https:\/\/icon-art.nl\/de\/produkt\/300-sl-front\/","og_site_name":"Icon Art","article_publisher":"https:\/\/www.facebook.com\/iconartcompany\/","article_modified_time":"2026-01-31T13:23:20+00:00","og_image":[{"width":1058,"height":665,"url":"https:\/\/icon-art.nl\/wp-content\/uploads\/2020\/07\/mercedes-1568085_klein-1.jpg","type":"image\/jpeg"}],"twitter_card":"summary_large_image","schema":{"@context":"https:\/\/schema.org","@graph":[{"@type":"WebPage","@id":"https:\/\/icon-art.nl\/product\/300-sl-front\/","url":"https:\/\/icon-art.nl\/product\/300-sl-front\/","name":"Mercedes 300 SL Front - Wanddekoration","isPartOf":{"@id":"https:\/\/icon-art.nl\/#website"},"primaryImageOfPage":{"@id":"https:\/\/icon-art.nl\/product\/300-sl-front\/#primaryimage"},"image":{"@id":"https:\/\/icon-art.nl\/product\/300-sl-front\/#primaryimage"},"thumbnailUrl":"https:\/\/icon-art.nl\/wp-content\/uploads\/2020\/07\/mercedes-1568085_klein-1.jpg","datePublished":"2020-07-28T11:14:43+00:00","dateModified":"2026-01-31T13:23:20+00:00","description":"Mercedes 300 SL Front. Bestellen Sie luxuri\u00f6se Wanddekoration in verschiedenen Gr\u00f6\u00dfen und aus unterschiedlichen Materialien bei Icon Art. Sehen Sie sich die gesamte Kollektion auf unserer Website an.","breadcrumb":{"@id":"https:\/\/icon-art.nl\/product\/300-sl-front\/#breadcrumb"},"inLanguage":"de","potentialAction":[{"@type":"ReadAction","target":["https:\/\/icon-art.nl\/product\/300-sl-front\/"]}]},{"@type":"ImageObject","inLanguage":"de","@id":"https:\/\/icon-art.nl\/product\/300-sl-front\/#primaryimage","url":"https:\/\/icon-art.nl\/wp-content\/uploads\/2020\/07\/mercedes-1568085_klein-1.jpg","contentUrl":"https:\/\/icon-art.nl\/wp-content\/uploads\/2020\/07\/mercedes-1568085_klein-1.jpg","width":1058,"height":665},{"@type":"BreadcrumbList","@id":"https:\/\/icon-art.nl\/product\/300-sl-front\/#breadcrumb","itemListElement":[{"@type":"ListItem","position":1,"name":"Home","item":"https:\/\/icon-art.nl\/"},{"@type":"ListItem","position":2,"name":"Collecties","item":"https:\/\/icon-art.nl\/collecties\/"},{"@type":"ListItem","position":3,"name":"Mercedes 300SL FRONT"}]},{"@type":"WebSite","@id":"https:\/\/icon-art.nl\/#website","url":"https:\/\/icon-art.nl\/","name":"Ikonen-Kunst","description":"","publisher":{"@id":"https:\/\/icon-art.nl\/#organization"},"potentialAction":[{"@type":"SearchAction","target":{"@type":"EntryPoint","urlTemplate":"https:\/\/icon-art.nl\/?s={search_term_string}"},"query-input":{"@type":"PropertyValueSpecification","valueRequired":true,"valueName":"search_term_string"}}],"inLanguage":"de"},{"@type":"Organization","@id":"https:\/\/icon-art.nl\/#organization","name":"Ikonen-Kunst","url":"https:\/\/icon-art.nl\/","logo":{"@type":"ImageObject","inLanguage":"de","@id":"https:\/\/icon-art.nl\/#\/schema\/logo\/image\/","url":"https:\/\/icon-art.nl\/wp-content\/uploads\/2024\/08\/icon-art-3.png.pagespeed.ce_.t2dzOLyE20.png","contentUrl":"https:\/\/icon-art.nl\/wp-content\/uploads\/2024\/08\/icon-art-3.png.pagespeed.ce_.t2dzOLyE20.png","width":300,"height":56,"caption":"Icon Art"},"image":{"@id":"https:\/\/icon-art.nl\/#\/schema\/logo\/image\/"},"sameAs":["https:\/\/www.facebook.com\/iconartcompany\/","https:\/\/www.instagram.com\/iconartcompany\/"]}]}},"_links":{"self":[{"href":"https:\/\/icon-art.nl\/de\/wp-json\/wp\/v2\/product\/1264","targetHints":{"allow":["GET"]}}],"collection":[{"href":"https:\/\/icon-art.nl\/de\/wp-json\/wp\/v2\/product"}],"about":[{"href":"https:\/\/icon-art.nl\/de\/wp-json\/wp\/v2\/types\/product"}],"replies":[{"embeddable":true,"href":"https:\/\/icon-art.nl\/de\/wp-json\/wp\/v2\/comments?post=1264"}],"version-history":[{"count":2,"href":"https:\/\/icon-art.nl\/de\/wp-json\/wp\/v2\/product\/1264\/revisions"}],"predecessor-version":[{"id":11369,"href":"https:\/\/icon-art.nl\/de\/wp-json\/wp\/v2\/product\/1264\/revisions\/11369"}],"wp:featuredmedia":[{"embeddable":true,"href":"https:\/\/icon-art.nl\/de\/wp-json\/wp\/v2\/media\/211"}],"wp:attachment":[{"href":"https:\/\/icon-art.nl\/de\/wp-json\/wp\/v2\/media?parent=1264"}],"wp:term":[{"taxonomy":"product_brand","embeddable":true,"href":"https:\/\/icon-art.nl\/de\/wp-json\/wp\/v2\/product_brand?post=1264"},{"taxonomy":"product_cat","embeddable":true,"href":"https:\/\/icon-art.nl\/de\/wp-json\/wp\/v2\/product_cat?post=1264"},{"taxonomy":"product_tag","embeddable":true,"href":"https:\/\/icon-art.nl\/de\/wp-json\/wp\/v2\/product_tag?post=1264"}],"curies":[{"name":"wp","href":"https:\/\/api.w.org\/{rel}","templated":true}]}}